{"id":1332,"date":"2014-04-30T05:42:54","date_gmt":"2014-04-30T05:42:54","guid":{"rendered":"http:\/\/ahac.net\/ahac-ar\/?page_id=1332"},"modified":"2014-04-30T06:50:32","modified_gmt":"2014-04-30T06:50:32","slug":"pvc-okna-schuco","status":"publish","type":"page","link":"http:\/\/ahac.net\/ahac-ar\/pvc-okna-schuco\/","title":{"rendered":"PVC OKNA Sch\u00fcco"},"content":{"rendered":"<p><img loading=\"lazy\" decoding=\"async\" class=\"alignnone size-full wp-image-1333\" alt=\"PVC-okna-schueco\" src=\"http:\/\/ahac.net\/ahac-ar\/wp-content\/uploads\/2014\/04\/PVC-okna-schueco.jpg\" width=\"750\" height=\"250\" srcset=\"http:\/\/ahac.net\/ahac-ar\/wp-content\/uploads\/2014\/04\/PVC-okna-schueco.jpg 750w, http:\/\/ahac.net\/ahac-ar\/wp-content\/uploads\/2014\/04\/PVC-okna-schueco-300x100.jpg 300w\" sizes=\"(max-width: 750px) 100vw, 750px\" \/><\/p>\n<div style=\"text-align: center;\">\n<hr \/>\n<\/div>\n<div>\n<table border=\"0\">\n<tbody>\n<tr>\n<td><a href=\"http:\/\/ahac.net\/ahac-ar\/wp-content\/uploads\/2014\/04\/corona_si_82_schnitt.jpg\"><img loading=\"lazy\" decoding=\"async\" class=\"alignnone  wp-image-1341\" style=\"border: 1px solid white;\" alt=\"corona_si_82_schnitt\" src=\"http:\/\/ahac.net\/ahac-ar\/wp-content\/uploads\/2014\/04\/corona_si_82_schnitt.jpg\" width=\"218\" height=\"218\" \/><\/a><\/td>\n<td><a href=\"http:\/\/ahac.net\/ahac-ar\/wp-content\/uploads\/2014\/04\/corona_70_as_2_schnitt.jpg\"><img loading=\"lazy\" decoding=\"async\" class=\"alignnone  wp-image-1339\" style=\"border: 1px solid white;\" alt=\"corona_70_as_2_schnitt\" src=\"http:\/\/ahac.net\/ahac-ar\/wp-content\/uploads\/2014\/04\/corona_70_as_2_schnitt.jpg\" width=\"218\" height=\"218\" srcset=\"http:\/\/ahac.net\/ahac-ar\/wp-content\/uploads\/2014\/04\/corona_70_as_2_schnitt.jpg 480w, http:\/\/ahac.net\/ahac-ar\/wp-content\/uploads\/2014\/04\/corona_70_as_2_schnitt-150x150.jpg 150w, http:\/\/ahac.net\/ahac-ar\/wp-content\/uploads\/2014\/04\/corona_70_as_2_schnitt-300x300.jpg 300w\" sizes=\"(max-width: 218px) 100vw, 218px\" \/><\/a><\/td>\n<td><a href=\"http:\/\/ahac.net\/ahac-ar\/wp-content\/uploads\/2014\/04\/corona_70_md_2_schnitt-classic.jpg\"><img loading=\"lazy\" decoding=\"async\" class=\"alignnone  wp-image-1336\" style=\"border: 1px solid white;\" alt=\"corona_70_md_2_schnitt-classic\" src=\"http:\/\/ahac.net\/ahac-ar\/wp-content\/uploads\/2014\/04\/corona_70_md_2_schnitt-classic-300x280.jpg\" width=\"218\" height=\"218\" \/><\/a>\u00a0<\/td>\n<\/tr>\n<tr>\n<td style=\"text-align: center;\">Sch\u00fcco Corona SI 82<\/td>\n<td style=\"text-align: center;\">Sch\u00fcco Corona CT 70 AS<\/td>\n<td style=\"text-align: center;\">Sch\u00fcco Corona CT 70 MD<\/td>\n<\/tr>\n<tr>\n<td>\u00a0<\/td>\n<td>\u00a0<\/td>\n<td>\u00a0<\/td>\n<\/tr>\n<tr>\n<td><a href=\"http:\/\/ahac.net\/ahac-ar\/wp-content\/uploads\/2014\/04\/thermoplus_1_schnitt.jpg\"><img loading=\"lazy\" decoding=\"async\" class=\"alignnone  wp-image-1342\" alt=\"thermoplus_1_schnitt\" src=\"http:\/\/ahac.net\/ahac-ar\/wp-content\/uploads\/2014\/04\/thermoplus_1_schnitt.jpg\" width=\"218\" height=\"218\" srcset=\"http:\/\/ahac.net\/ahac-ar\/wp-content\/uploads\/2014\/04\/thermoplus_1_schnitt.jpg 480w, http:\/\/ahac.net\/ahac-ar\/wp-content\/uploads\/2014\/04\/thermoplus_1_schnitt-150x150.jpg 150w, http:\/\/ahac.net\/ahac-ar\/wp-content\/uploads\/2014\/04\/thermoplus_1_schnitt-300x300.jpg 300w\" sizes=\"(max-width: 218px) 100vw, 218px\" \/><\/a><\/td>\n<td>\u00a0<\/td>\n<td><br title=\"Katalog rehau Geneo PDF\" \/><\/p>\n<p>&nbsp;<\/p>\n<\/td>\n<\/tr>\n<tr>\n<td style=\"text-align: center;\">Sch\u00fcco Alu Inside &#8211; Thermoplus<\/td>\n<td style=\"text-align: center;\">\u00a0<\/td>\n<td style=\"text-align: center;\">\u00a0<\/td>\n<\/tr>\n<tr>\n<td>\u00a0<\/td>\n<td>\u00a0<\/td>\n<td>\u00a0<\/td>\n<\/tr>\n<\/tbody>\n<\/table>\n<\/div>\n<div>\u00a0<\/div>\n<hr \/>\n<p>&nbsp;<\/p>\n<p><strong>Okna &#8211; PVC, ALU PVC Sch\u00fcco <br \/><\/strong><\/p>\n<p style=\"text-align: justify;\">Ahac proizvodnja PVC oken in vrat ponuja tudi profile\u00a0Sch\u00fcco in sicer v verziji PVC, PVC Alu in PVC panoramske stene. Z raz\u0161irjeno ponudbo renomiranih proizvajalcev Sch\u00fcco in REHAU omogo\u010damo popoln asortiman in bogato izbiro, ki zadovolji vse potrebe.<\/p>\n<p>&nbsp;<\/p>\n","protected":false},"excerpt":{"rendered":"<p>\u00a0 Sch\u00fcco Corona SI 82 Sch\u00fcco Corona CT 70 AS Sch\u00fcco Corona CT 70 MD \u00a0 \u00a0 \u00a0 \u00a0 &nbsp; Sch\u00fcco Alu Inside &#8211; Thermoplus \u00a0 \u00a0 \u00a0 \u00a0 \u00a0 \u00a0 &nbsp; Okna &#8211; PVC, ALU PVC Sch\u00fcco Ahac proizvodnja PVC oken in vrat ponuja tudi profile\u00a0Sch\u00fcco in sicer v verziji PVC, PVC Alu in [&hellip;]<\/p>\n","protected":false},"author":5,"featured_media":0,"parent":0,"menu_order":0,"comment_status":"open","ping_status":"closed","template":"page-sidebar-right.php","meta":{"footnotes":""},"_links":{"self":[{"href":"http:\/\/ahac.net\/ahac-ar\/wp-json\/wp\/v2\/pages\/1332"}],"collection":[{"href":"http:\/\/ahac.net\/ahac-ar\/wp-json\/wp\/v2\/pages"}],"about":[{"href":"http:\/\/ahac.net\/ahac-ar\/wp-json\/wp\/v2\/types\/page"}],"author":[{"embeddable":true,"href":"http:\/\/ahac.net\/ahac-ar\/wp-json\/wp\/v2\/users\/5"}],"replies":[{"embeddable":true,"href":"http:\/\/ahac.net\/ahac-ar\/wp-json\/wp\/v2\/comments?post=1332"}],"version-history":[{"count":6,"href":"http:\/\/ahac.net\/ahac-ar\/wp-json\/wp\/v2\/pages\/1332\/revisions"}],"predecessor-version":[{"id":1357,"href":"http:\/\/ahac.net\/ahac-ar\/wp-json\/wp\/v2\/pages\/1332\/revisions\/1357"}],"wp:attachment":[{"href":"http:\/\/ahac.net\/ahac-ar\/wp-json\/wp\/v2\/media?parent=1332"}],"curies":[{"name":"wp","href":"https:\/\/api.w.org\/{rel}","templated":true}]}}